{"id":1025,"date":"2019-11-28T15:51:18","date_gmt":"2019-11-28T14:51:18","guid":{"rendered":"http:\/\/www.stalprofil.se\/actual-reference-objects\/"},"modified":"2024-02-06T07:03:43","modified_gmt":"2024-02-06T06:03:43","slug":"actual-reference-objects","status":"publish","type":"page","link":"https:\/\/www.stalprofil.se\/en\/actual-reference-objects\/","title":{"rendered":"Actual reference objects"},"content":{"rendered":"<div class=\"wpb-content-wrapper\"><p>[vc_row top_padding=&#8221;40&#8243;][vc_column width=&#8221;1\/1&#8243;][vc_column_text]<\/p>\n<h2>Actual reference objects<\/h2>\n<p>Our steel profiles can be found worldwide. Feel free to take a closer look at our selected reference objects.[\/vc_column_text][\/vc_column][\/vc_row][vc_row][vc_column width=&#8221;1\/1&#8243;]\n\t\t<div class=\"portfolio-element\">\n\n\t\t\n\t\t\t<div class=\"portfolio-filters\" data-id=\"1564963127\">\n\t\t\t\t<div class=\"container\">\n\t\t\t\t\t<div class=\"sixteen columns clearfix\">\n\t\t\t\t\t\t\t\t\t\t\t\t\t<ul class=\"clearfix\">\n\t\t\t\t\t\t\t\t<li><a href=\"#\" data-filter=\"*\" class=\"filter-all active\">All<\/a><\/li>\t\n\t\t\t\t\t\t\t\t\t\t\t\t\t\t\t\t\t\t\t\t\t\t\t\t\t\t<li><a href=\"#\" data-filter=\".term-business-center\">BUSINESS CENTER<\/a><\/li>\n\t\t\t\t\t\t\t\t\t\t\t\t\t\t\t\t\t\t\t\t\t\t\t\t\t\t<li><a href=\"#\" data-filter=\".term-garage\">GARAGE<\/a><\/li>\n\t\t\t\t\t\t\t\t\t\t\t\t\t\t\t\t\t\t\t\t\t\t\t\t\t\t<li><a href=\"#\" data-filter=\".term-hospital\">HOSPITAL<\/a><\/li>\n\t\t\t\t\t\t\t\t\t\t\t\t\t\t\t\t\t\t\t\t\t\t\t\t\t\t<li><a href=\"#\" data-filter=\".term-hotel\">HOTEL<\/a><\/li>\n\t\t\t\t\t\t\t\t\t\t\t\t\t\t\t\t\t\t\t\t\t\t\t\t\t\t<li><a href=\"#\" data-filter=\".term-infrastructure\">INFRASTRUCTURE<\/a><\/li>\n\t\t\t\t\t\t\t\t\t\t\t\t\t\t\t\t\t\t\t\t\t\t\t\t\t\t<li><a href=\"#\" data-filter=\".term-marine\">MARINE<\/a><\/li>\n\t\t\t\t\t\t\t\t\t\t\t\t\t\t\t\t\t\t\t\t\t\t\t\t\t\t<li><a href=\"#\" data-filter=\".term-office\">OFFICE<\/a><\/li>\n\t\t\t\t\t\t\t\t\t\t\t\t\t\t\t\t\t\t\t\t\t\t\t\t\t\t<li><a href=\"#\" data-filter=\".term-other\">OTHER<\/a><\/li>\n\t\t\t\t\t\t\t\t\t\t\t\t\t\t\t\t\t\t\t\t\t\t\t\t\t\t<li><a href=\"#\" data-filter=\".term-sports-arenas\">SPORTS ARENAS<\/a><\/li>\n\t\t\t\t\t\t\t\t\t\t\t\t\t\t\t<\/ul>\n\t\t\t\t\t\t\t\t\t\t\t<\/div>\n\t\t\t\t<\/div>\n\t\t\t<\/div>\n\n\t\t\n\t\t\t\t\t<div class=\"container\">\n\t\t\n\t\t\t\t\t<div id=\"1564963127\" class=\"portfolio-items portfolio-default portfolio-overlay-icon clearfix\" data-id=\"1564963127\">  \n\t\t\t\t\t\t\n\t\t\t\t\t\t\t\n\t\t\t\t\t\t\t\n\t\t\t\t\t\t\n\t\t\t\t\t\t\t\t\t\t\t\t\t\t\t\t\n\t\t\t\t\t\t\t\t   \n\n\t\t\t\t\t\t\t\t<div class=\"term-office term-sp300-referens-en term-sp500-referens-en term-sp7000-referens portfolio-item one-third column\">\n\t\t\t\t\t\t\t\t\t<div class=\"portfolio-image\"><a href=\"https:\/\/www.stalprofil.se\/en\/profilsystem\/katarinahuset-stockholm\/\" title=\"Katarinahuset &lt;br&gt; Stockholm\"><div class=\"portfolio-image-img\"><img decoding=\"async\" src=\"https:\/\/www.stalprofil.se\/wp-content\/uploads\/2024\/01\/DSC_6386-600x400.jpg\" alt=\"Katarinahuset &lt;br&gt; Stockholm\" \/><\/div><div class=\"portfolio-overlay overlay-icon\"><\/div><i class=\"icon-minti-plus\"><\/i><\/a><\/div>\n\t\t\t\t\t\t\t\t\t<h4><a href=\"https:\/\/www.stalprofil.se\/en\/profilsystem\/katarinahuset-stockholm\/\" title=\"Katarinahuset <br> Stockholm\">Katarinahuset <br> Stockholm<\/a><\/h4>\n\t\t\t\t\t\t\t\t\t<span class=\"portfolio-subtitle\">St\u00e5lprofil has supplied steel profiles that allowed the appearance to be preserved without compromising safety. Some of the profiles are covered with high-gloss stainless steel sheet and profiled caps on the facade sections.<\/span>\n\t\t\t\t\t\t\t\t<\/div>\n\n\t\t\t\t\t\t\t\t\t\t\t\t  \n\t\t\t\t\t\t\n\t\t\t\t\t\t\t\n\t\t\t\t\t\t\t\n\t\t\t\t\t\t\n\t\t\t\t\t\t\t\t\t\t\t\t\t\t\t\t\n\t\t\t\t\t\t\t\t   \n\n\t\t\t\t\t\t\t\t<div class=\"term-office portfolio-item one-third column\">\n\t\t\t\t\t\t\t\t\t<div class=\"portfolio-image\"><a href=\"https:\/\/www.stalprofil.se\/en\/profilsystem\/bric-studios-gothenburg\/\" title=\"Bric Studios &lt;br&gt; Gothenburg\"><div class=\"portfolio-image-img\"><img decoding=\"async\" src=\"https:\/\/www.stalprofil.se\/wp-content\/uploads\/2024\/02\/DSC_0791-kopia-600x400.jpg\" alt=\"Bric Studios &lt;br&gt; Gothenburg\" \/><\/div><div class=\"portfolio-overlay overlay-icon\"><\/div><i class=\"icon-minti-plus\"><\/i><\/a><\/div>\n\t\t\t\t\t\t\t\t\t<h4><a href=\"https:\/\/www.stalprofil.se\/en\/profilsystem\/bric-studios-gothenburg\/\" title=\"Bric Studios <br> Gothenburg\">Bric Studios <br> Gothenburg<\/a><\/h4>\n\t\t\t\t\t\t\t\t\t<span class=\"portfolio-subtitle\">Brick Studios is a property that stands out, both in its offerings and in its design. The building is visible from a distance, contributing to giving the new city district a distinctive expression.<\/span>\n\t\t\t\t\t\t\t\t<\/div>\n\n\t\t\t\t\t\t\t\t\t\t\t\t  \n\t\t\t\t\t\t\n\t\t\t\t\t\t\t\n\t\t\t\t\t\t\t\n\t\t\t\t\t\t\n\t\t\t\t\t\t\t\t\t\t\t\t\t\t\t\t\n\t\t\t\t\t\t\t\t   \n\n\t\t\t\t\t\t\t\t<div class=\"term-other term-sp300-referens-en term-sp7000-referens portfolio-item one-third column\">\n\t\t\t\t\t\t\t\t\t<div class=\"portfolio-image\"><a href=\"https:\/\/www.stalprofil.se\/en\/profilsystem\/mangon-stockholm\/\" title=\"Mangon &lt;br&gt; Stockholm\"><div class=\"portfolio-image-img\"><img decoding=\"async\" src=\"https:\/\/www.stalprofil.se\/wp-content\/uploads\/2023\/11\/DSC_6669-600x400.jpg\" alt=\"Mangon &lt;br&gt; Stockholm\" \/><\/div><div class=\"portfolio-overlay overlay-icon\"><\/div><i class=\"icon-minti-plus\"><\/i><\/a><\/div>\n\t\t\t\t\t\t\t\t\t<h4><a href=\"https:\/\/www.stalprofil.se\/en\/profilsystem\/mangon-stockholm\/\" title=\"Mangon <br> Stockholm\">Mangon <br> Stockholm<\/a><\/h4>\n\t\t\t\t\t\t\t\t\t<span class=\"portfolio-subtitle\">St\u00e5lprofil has delivered secure steel profiles, and our manufacturer has produced secure and approved door sections with the classification EI30 and S200<\/span>\n\t\t\t\t\t\t\t\t<\/div>\n\n\t\t\t\t\t\t\t\t\t\t\t\t  \n\t\t\t\t\t\t\n\t\t\t\t\t\t\t\n\t\t\t\t\t\t\t\n\t\t\t\t\t\t\n\t\t\t\t\t\t\t\t\t\t\t\t\t\t\t\t\n\t\t\t\t\t\t\t\t   \n\n\t\t\t\t\t\t\t\t<div class=\"term-other term-sp300-referens-en term-sp500-referens-en term-sp7000-referens portfolio-item one-third column\">\n\t\t\t\t\t\t\t\t\t<div class=\"portfolio-image\"><a href=\"https:\/\/www.stalprofil.se\/en\/profilsystem\/the-national-museum-stockholm\/\" title=\"The National Museum &lt;br&gt; Stockholm\"><div class=\"portfolio-image-img\"><img decoding=\"async\" src=\"https:\/\/www.stalprofil.se\/wp-content\/uploads\/2023\/11\/DSC_6525kopia-600x400.jpg\" alt=\"The National Museum &lt;br&gt; Stockholm\" \/><\/div><div class=\"portfolio-overlay overlay-icon\"><\/div><i class=\"icon-minti-plus\"><\/i><\/a><\/div>\n\t\t\t\t\t\t\t\t\t<h4><a href=\"https:\/\/www.stalprofil.se\/en\/profilsystem\/the-national-museum-stockholm\/\" title=\"The National Museum <br> Stockholm\">The National Museum <br> Stockholm<\/a><\/h4>\n\t\t\t\t\t\t\t\t\t<span class=\"portfolio-subtitle\">The National Museum in Stockholm, located on Blasieholmen, was completed in 1866 and reopened in 2018 after extensive renovations. It stands as Sweden&#039;s leading art museum.<\/span>\n\t\t\t\t\t\t\t\t<\/div>\n\n\t\t\t\t\t\t\t\t\t\t\t\t  \n\t\t\t\t\t\t\n\t\t\t\t\t\t\t\n\t\t\t\t\t\t\t\n\t\t\t\t\t\t\n\t\t\t\t\t\t\t\t\t\t\t\t\t\t\t\t\n\t\t\t\t\t\t\t\t   \n\n\t\t\t\t\t\t\t\t<div class=\"term-office term-sp7000-referens portfolio-item one-third column\">\n\t\t\t\t\t\t\t\t\t<div class=\"portfolio-image\"><a href=\"https:\/\/www.stalprofil.se\/en\/profilsystem\/vaghuset-gothenburg\/\" title=\"V\u00e5ghuset &lt;br&gt;Gothenburg\"><div class=\"portfolio-image-img\"><img decoding=\"async\" src=\"https:\/\/www.stalprofil.se\/wp-content\/uploads\/2023\/09\/DSC_0820-600x400.jpg\" alt=\"V\u00e5ghuset &lt;br&gt;Gothenburg\" \/><\/div><div class=\"portfolio-overlay overlay-icon\"><\/div><i class=\"icon-minti-plus\"><\/i><\/a><\/div>\n\t\t\t\t\t\t\t\t\t<h4><a href=\"https:\/\/www.stalprofil.se\/en\/profilsystem\/vaghuset-gothenburg\/\" title=\"V\u00e5ghuset <br>Gothenburg\">V\u00e5ghuset <br>Gothenburg<\/a><\/h4>\n\t\t\t\t\t\t\t\t\t<span class=\"portfolio-subtitle\">In Masthuggskajen, you\u2019ll find V\u00e5ghuset, an impressive 13-story building with clear elements inspired by the river G\u00f6ta \u00c4lv.<\/span>\n\t\t\t\t\t\t\t\t<\/div>\n\n\t\t\t\t\t\t\t\t\t\t\t\t  \n\t\t\t\t\t\t\n\t\t\t\t\t\t\t\n\t\t\t\t\t\t\t\n\t\t\t\t\t\t\n\t\t\t\t\t\t\t\t\t\t\t\t\t\t\t\t\n\t\t\t\t\t\t\t\t   \n\n\t\t\t\t\t\t\t\t<div class=\"term-office term-sp7000-referens portfolio-item one-third column\">\n\t\t\t\t\t\t\t\t\t<div class=\"portfolio-image\"><a href=\"https:\/\/www.stalprofil.se\/en\/profilsystem\/citygate-gothenburg\/\" title=\"Citygate &lt;br&gt;Gothenburg\"><div class=\"portfolio-image-img\"><img decoding=\"async\" src=\"https:\/\/www.stalprofil.se\/wp-content\/uploads\/2023\/08\/DSC_0752-600x400.jpg\" alt=\"Citygate &lt;br&gt;Gothenburg\" \/><\/div><div class=\"portfolio-overlay overlay-icon\"><\/div><i class=\"icon-minti-plus\"><\/i><\/a><\/div>\n\t\t\t\t\t\t\t\t\t<h4><a href=\"https:\/\/www.stalprofil.se\/en\/profilsystem\/citygate-gothenburg\/\" title=\"Citygate <br>Gothenburg\">Citygate <br>Gothenburg<\/a><\/h4>\n\t\t\t\t\t\t\t\t\t<span class=\"portfolio-subtitle\">Citygate is a new landmark in Gothenburg, and with its 36 floors and 144 meters, the building is the tallest office tower in the Nordic region<\/span>\n\t\t\t\t\t\t\t\t<\/div>\n\n\t\t\t\t\t\t\t\t\t\t\t\t  \n\t\t\t\t\t\t\n\t\t\t\t\t\t\t\n\t\t\t\t\t\t\t\n\t\t\t\t\t\t\n\t\t\t\t\t\t\t\t\t\t\t\t\t\t\t\t\n\t\t\t\t\t\t\t\t   \n\n\t\t\t\t\t\t\t\t<div class=\"term-hotel term-office term-sp7000-referens portfolio-item one-third column\">\n\t\t\t\t\t\t\t\t\t<div class=\"portfolio-image\"><a href=\"https:\/\/www.stalprofil.se\/en\/profilsystem\/kineum-gothenburg\/\" title=\"Kineum &lt;br&gt;Gothenburg\"><div class=\"portfolio-image-img\"><img decoding=\"async\" src=\"https:\/\/www.stalprofil.se\/wp-content\/uploads\/2023\/08\/DSC_0718-600x400.jpg\" alt=\"Kineum &lt;br&gt;Gothenburg\" \/><\/div><div class=\"portfolio-overlay overlay-icon\"><\/div><i class=\"icon-minti-plus\"><\/i><\/a><\/div>\n\t\t\t\t\t\t\t\t\t<h4><a href=\"https:\/\/www.stalprofil.se\/en\/profilsystem\/kineum-gothenburg\/\" title=\"Kineum <br>Gothenburg\">Kineum <br>Gothenburg<\/a><\/h4>\n\t\t\t\t\t\t\t\t\t<span class=\"portfolio-subtitle\">Kineum is an award-winning project where design has been the consistent theme for both the exterior and the interior.<\/span>\n\t\t\t\t\t\t\t\t<\/div>\n\n\t\t\t\t\t\t\t\t\t\t\t\t  \n\t\t\t\t\t\t\n\t\t\t\t\t\t\t\n\t\t\t\t\t\t\t\n\t\t\t\t\t\t\n\t\t\t\t\t\t\t\t\t\t\t\t\t\t\t\t\n\t\t\t\t\t\t\t\t   \n\n\t\t\t\t\t\t\t\t<div class=\"term-hospital portfolio-item one-third column\">\n\t\t\t\t\t\t\t\t\t<div class=\"portfolio-image\"><a href=\"https:\/\/www.stalprofil.se\/en\/profilsystem\/karolinska-university-hospital-huddinge\/\" title=\"Karolinska University Hospital &lt;br&gt; Huddinge\"><div class=\"portfolio-image-img\"><img decoding=\"async\" src=\"https:\/\/www.stalprofil.se\/wp-content\/uploads\/2020\/06\/Huddinge-sjukhus.jpg\" alt=\"Karolinska University Hospital &lt;br&gt; Huddinge\" \/><\/div><div class=\"portfolio-overlay overlay-icon\"><\/div><i class=\"icon-minti-plus\"><\/i><\/a><\/div>\n\t\t\t\t\t\t\t\t\t<h4><a href=\"https:\/\/www.stalprofil.se\/en\/profilsystem\/karolinska-university-hospital-huddinge\/\" title=\"Karolinska University Hospital <br> Huddinge\">Karolinska University Hospital <br> Huddinge<\/a><\/h4>\n\t\t\t\t\t\t\t\t\t<span class=\"portfolio-subtitle\">The O building at the Karolinska University Hospital in Huddinge, covers 29,000 square meters. Many people work and are cared for here. The building is adapted to suit modern operations and radiological operations and is certified according to Green Building Gold.<\/span>\n\t\t\t\t\t\t\t\t<\/div>\n\n\t\t\t\t\t\t\t\t\t\t\t\t  \n\t\t\t\t\t\t\n\t\t\t\t\t\t\t\n\t\t\t\t\t\t\t\n\t\t\t\t\t\t\n\t\t\t\t\t\t\t\t\t\t\t\t\t\t\t\t\n\t\t\t\t\t\t\t\t   \n\n\t\t\t\t\t\t\t\t<div class=\"term-hospital portfolio-item one-third column\">\n\t\t\t\t\t\t\t\t\t<div class=\"portfolio-image\"><a href=\"https:\/\/www.stalprofil.se\/en\/profilsystem\/new-sodertalje-hospital\/\" title=\"New S\u00f6dert\u00e4lje Hospital &lt;br&gt; Stockholm\"><div class=\"portfolio-image-img\"><img decoding=\"async\" src=\"https:\/\/www.stalprofil.se\/wp-content\/uploads\/2020\/06\/sodert\u00e4lje2.jpg\" alt=\"New S\u00f6dert\u00e4lje Hospital &lt;br&gt; Stockholm\" \/><\/div><div class=\"portfolio-overlay overlay-icon\"><\/div><i class=\"icon-minti-plus\"><\/i><\/a><\/div>\n\t\t\t\t\t\t\t\t\t<h4><a href=\"https:\/\/www.stalprofil.se\/en\/profilsystem\/new-sodertalje-hospital\/\" title=\"New S\u00f6dert\u00e4lje Hospital <br> Stockholm\">New S\u00f6dert\u00e4lje Hospital <br> Stockholm<\/a><\/h4>\n\t\t\t\t\t\t\t\t\t<span class=\"portfolio-subtitle\">The New S\u00f6dert\u00e4lje Hospital comprises 22 000 square meters of modern healthcare environments for emergency treatment, intensive care, surgery and childbirth. <\/span>\n\t\t\t\t\t\t\t\t<\/div>\n\n\t\t\t\t\t\t\t\t\t\t\t\t  \n\t\t\t\t\t\t\n\t\t\t\t\t\t\t\n\t\t\t\t\t\t\t\n\t\t\t\t\t\t\n\t\t\t\t\t\t\t\t\t\t\t\t\t\t\t\t\n\t\t\t\t\t\t\t\t   \n\n\t\t\t\t\t\t\t\t<div class=\"term-hospital portfolio-item one-third column\">\n\t\t\t\t\t\t\t\t\t<div class=\"portfolio-image\"><a href=\"https:\/\/www.stalprofil.se\/en\/profilsystem\/queen-silvia-childrens-hospital-gothenburg\/\" title=\"Queen Silvia Children\u2019s Hospital &lt;br&gt; Gothenburg\"><div class=\"portfolio-image-img\"><img decoding=\"async\" src=\"https:\/\/www.stalprofil.se\/wp-content\/uploads\/2021\/02\/Drottning-Silvias-barrnsjukhus-Referens-600x400.jpg\" alt=\"Queen Silvia Children\u2019s Hospital &lt;br&gt; Gothenburg\" \/><\/div><div class=\"portfolio-overlay overlay-icon\"><\/div><i class=\"icon-minti-plus\"><\/i><\/a><\/div>\n\t\t\t\t\t\t\t\t\t<h4><a href=\"https:\/\/www.stalprofil.se\/en\/profilsystem\/queen-silvia-childrens-hospital-gothenburg\/\" title=\"Queen Silvia Children\u2019s Hospital <br> Gothenburg\">Queen Silvia Children\u2019s Hospital <br> Gothenburg<\/a><\/h4>\n\t\t\t\t\t\t\t\t\t<span class=\"portfolio-subtitle\">Every year, heart surgery is carried out on around 500 children, of which around half takes place at Queen Silvia Children\u2019s Hospital \u2013 a hospital known today as probably Europe\u2019s most modern.<\/span>\n\t\t\t\t\t\t\t\t<\/div>\n\n\t\t\t\t\t\t\t\t\t\t\t\t  \n\t\t\t\t\t\t\n\t\t\t\t\t\t\t\n\t\t\t\t\t\t\t\n\t\t\t\t\t\t\n\t\t\t\t\t\t\t\t\t\t\t\t\t\t\t\t\n\t\t\t\t\t\t\t\t   \n\n\t\t\t\t\t\t\t\t<div class=\"term-office term-sp300-referens-en term-sp7000-referens portfolio-item one-third column\">\n\t\t\t\t\t\t\t\t\t<div class=\"portfolio-image\"><a href=\"https:\/\/www.stalprofil.se\/en\/profilsystem\/rambergsskolan-gothenburg\/\" title=\"Rambergsskolan &lt;br&gt; Gothenburg\"><div class=\"portfolio-image-img\"><img decoding=\"async\" src=\"https:\/\/www.stalprofil.se\/wp-content\/uploads\/2021\/02\/Rambergsskolan-Referens-600x400.jpg\" alt=\"Rambergsskolan &lt;br&gt; Gothenburg\" \/><\/div><div class=\"portfolio-overlay overlay-icon\"><\/div><i class=\"icon-minti-plus\"><\/i><\/a><\/div>\n\t\t\t\t\t\t\t\t\t<h4><a href=\"https:\/\/www.stalprofil.se\/en\/profilsystem\/rambergsskolan-gothenburg\/\" title=\"Rambergsskolan <br> Gothenburg\">Rambergsskolan <br> Gothenburg<\/a><\/h4>\n\t\t\t\t\t\t\t\t\t<span class=\"portfolio-subtitle\">Rambergsskolan, a school in the city district of Br\u00e4mareg\u00e5rden in Gothenburg, is a grand building erected in 1916 in the Nordic National Romantic architectural style.<\/span>\n\t\t\t\t\t\t\t\t<\/div>\n\n\t\t\t\t\t\t\t\t\t\t\t\t  \n\t\t\t\t\t\t\n\t\t\t\t\t\t\t\n\t\t\t\t\t\t\t\n\t\t\t\t\t\t\n\t\t\t\t\t\t\t\t\t\t\t\t\t\t\t\t\n\t\t\t\t\t\t\t\t   \n\n\t\t\t\t\t\t\t\t<div class=\"term-hospital portfolio-item one-third column\">\n\t\t\t\t\t\t\t\t\t<div class=\"portfolio-image\"><a href=\"https:\/\/www.stalprofil.se\/en\/profilsystem\/forensic-psychiatric-center-trelleborg\/\" title=\"Forensic Psychiatric Center &lt;br&gt;Trelleborg\"><div class=\"portfolio-image-img\"><img decoding=\"async\" src=\"https:\/\/www.stalprofil.se\/wp-content\/uploads\/2019\/10\/ref-rattsspyk-start-600x400.jpg\" alt=\"Forensic Psychiatric Center &lt;br&gt;Trelleborg\" \/><\/div><div class=\"portfolio-overlay overlay-icon\"><\/div><i class=\"icon-minti-plus\"><\/i><\/a><\/div>\n\t\t\t\t\t\t\t\t\t<h4><a href=\"https:\/\/www.stalprofil.se\/en\/profilsystem\/forensic-psychiatric-center-trelleborg\/\" title=\"Forensic Psychiatric Center <br>Trelleborg\">Forensic Psychiatric Center <br>Trelleborg<\/a><\/h4>\n\t\t\t\t\t\t\t\t\t<span class=\"portfolio-subtitle\">Construction began on the Trelleborg Forensic Psychiatric Center in 2014 and was completed in 2016. The center is a central unit for forensic psychiatry in Sk\u00e5ne, where the primary activity is \u201cinitial care\u201d.<\/span>\n\t\t\t\t\t\t\t\t<\/div>\n\n\t\t\t\t\t\t\t\t\t\t\t\t  \n\t\t\t\t\t\t\n\t\t\t\t\t\t\t\n\t\t\t\t\t\t\t\n\t\t\t\t\t\t\n\t\t\t\t\t\t\t\t\t\t\t\t\t\t\t\t\n\t\t\t\t\t\t\t\t   \n\n\t\t\t\t\t\t\t\t<div class=\"term-infrastructure portfolio-item one-third column\">\n\t\t\t\t\t\t\t\t\t<div class=\"portfolio-image\"><a href=\"https:\/\/www.stalprofil.se\/en\/profilsystem\/nol-station-ale\/\" title=\"Nol Station &lt;br&gt;Ale\"><div class=\"portfolio-image-img\"><img decoding=\"async\" src=\"https:\/\/www.stalprofil.se\/wp-content\/uploads\/2019\/10\/ref-nolstation-start-600x400.jpg\" alt=\"Nol Station &lt;br&gt;Ale\" \/><\/div><div class=\"portfolio-overlay overlay-icon\"><\/div><i class=\"icon-minti-plus\"><\/i><\/a><\/div>\n\t\t\t\t\t\t\t\t\t<h4><a href=\"https:\/\/www.stalprofil.se\/en\/profilsystem\/nol-station-ale\/\" title=\"Nol Station <br>Ale\">Nol Station <br>Ale<\/a><\/h4>\n\t\t\t\t\t\t\t\t\t<span class=\"portfolio-subtitle\">In 2010, V\u00e4sttrafik AB began working on new stations in Ale Municipality. A total of five new stations were built in Surte, Bohus, N\u00f6dinge, Nol and \u00c4lv\u00e4ngen.<\/span>\n\t\t\t\t\t\t\t\t<\/div>\n\n\t\t\t\t\t\t\t\t\t\t\t\t  \n\t\t\t\t\t\t\n\t\t\t\t\t\t\t\n\t\t\t\t\t\t\t\n\t\t\t\t\t\t\n\t\t\t\t\t\t\t\t\t\t\t\t\t\t\t\t\n\t\t\t\t\t\t\t\t   \n\n\t\t\t\t\t\t\t\t<div class=\"term-infrastructure portfolio-item one-third column\">\n\t\t\t\t\t\t\t\t\t<div class=\"portfolio-image\"><a href=\"https:\/\/www.stalprofil.se\/en\/profilsystem\/city-tunnel-malmo\/\" title=\"City Tunnel &lt;br&gt;Malm\u00f6\"><div class=\"portfolio-image-img\"><img decoding=\"async\" src=\"https:\/\/www.stalprofil.se\/wp-content\/uploads\/2019\/10\/ref-citytunneln-start-2-2-600x400.jpg\" alt=\"City Tunnel &lt;br&gt;Malm\u00f6\" \/><\/div><div class=\"portfolio-overlay overlay-icon\"><\/div><i class=\"icon-minti-plus\"><\/i><\/a><\/div>\n\t\t\t\t\t\t\t\t\t<h4><a href=\"https:\/\/www.stalprofil.se\/en\/profilsystem\/city-tunnel-malmo\/\" title=\"City Tunnel <br>Malm\u00f6\">City Tunnel <br>Malm\u00f6<\/a><\/h4>\n\t\t\t\t\t\t\t\t\t<span class=\"portfolio-subtitle\">The City Tunnel in Malm\u00f6 is one of Sweden\u2019s biggest infrastructure projects. It is 6 km long, consists of parallel tunnels and comprises a total of 17 km of railway.<\/span>\n\t\t\t\t\t\t\t\t<\/div>\n\n\t\t\t\t\t\t\t\t\t\t\t\t  \n\t\t\t\t\t\t\n\t\t\t\t\t\t\t\n\t\t\t\t\t\t\t\n\t\t\t\t\t\t\n\t\t\t\t\t\t\t\t\t\t\t\t\t\t\t\t\n\t\t\t\t\t\t\t\t   \n\n\t\t\t\t\t\t\t\t<div class=\"term-hospital term-sp7000-referens portfolio-item one-third column\">\n\t\t\t\t\t\t\t\t\t<div class=\"portfolio-image\"><a href=\"https:\/\/www.stalprofil.se\/en\/profilsystem\/radiotherapy-lund\/\" title=\"Radiotherapy &lt;br&gt;Lund\"><div class=\"portfolio-image-img\"><img decoding=\"async\" src=\"https:\/\/www.stalprofil.se\/wp-content\/uploads\/2019\/09\/ref-lund-oversikt-600x400.jpg\" alt=\"Radiotherapy &lt;br&gt;Lund\" \/><\/div><div class=\"portfolio-overlay overlay-icon\"><\/div><i class=\"icon-minti-plus\"><\/i><\/a><\/div>\n\t\t\t\t\t\t\t\t\t<h4><a href=\"https:\/\/www.stalprofil.se\/en\/profilsystem\/radiotherapy-lund\/\" title=\"Radiotherapy <br>Lund\">Radiotherapy <br>Lund<\/a><\/h4>\n\t\t\t\t\t\t\t\t\t<span class=\"portfolio-subtitle\">Patients from all over southern Sweden receive treatment at the radiation therapy center at Sk\u00e5ne University Hospital.<\/span>\n\t\t\t\t\t\t\t\t<\/div>\n\n\t\t\t\t\t\t\t\t\t\t\t\t  \n\t\t\t\t\t\t\n\t\t\t\t\t\t\t\n\t\t\t\t\t\t\t\n\t\t\t\t\t\t\n\t\t\t\t\t\t\t\t\t\t\t\t\t\t\t\t\n\t\t\t\t\t\t\t\t   \n\n\t\t\t\t\t\t\t\t<div class=\"term-business-center term-sp500-referens-en portfolio-item one-third column\">\n\t\t\t\t\t\t\t\t\t<div class=\"portfolio-image\"><a href=\"https:\/\/www.stalprofil.se\/en\/profilsystem\/bilia-sisjon\/\" title=\"Bilia &lt;br&gt;Sisj\u00f6n\"><div class=\"portfolio-image-img\"><img decoding=\"async\" src=\"https:\/\/www.stalprofil.se\/wp-content\/uploads\/2019\/09\/ref-bilia-oversikt-600x400.jpg\" alt=\"Bilia &lt;br&gt;Sisj\u00f6n\" \/><\/div><div class=\"portfolio-overlay overlay-icon\"><\/div><i class=\"icon-minti-plus\"><\/i><\/a><\/div>\n\t\t\t\t\t\t\t\t\t<h4><a href=\"https:\/\/www.stalprofil.se\/en\/profilsystem\/bilia-sisjon\/\" title=\"Bilia <br>Sisj\u00f6n\">Bilia <br>Sisj\u00f6n<\/a><\/h4>\n\t\t\t\t\t\t\t\t\t<span class=\"portfolio-subtitle\">Bilia in Sisj\u00f6n, Gothenburg, is the world\u2019s largest all-Volvo facility and the first global pilot facility for Volvo Car Groups.<\/span>\n\t\t\t\t\t\t\t\t<\/div>\n\n\t\t\t\t\t\t\t\t\t\t\t\t  \n\t\t\t\t\t\t\n\t\t\t\t\t\t\t\n\t\t\t\t\t\t\t\n\t\t\t\t\t\t\n\t\t\t\t\t\t\t\t\t\t\t\t\t\t\t\t\n\t\t\t\t\t\t\t\t   \n\n\t\t\t\t\t\t\t\t<div class=\"term-office term-sp300-referens-en portfolio-item one-third column\">\n\t\t\t\t\t\t\t\t\t<div class=\"portfolio-image\"><a href=\"https:\/\/www.stalprofil.se\/en\/profilsystem\/park-49-gothenburg\/\" title=\"Park 49 &lt;br&gt;Gothenburg\"><div class=\"portfolio-image-img\"><img decoding=\"async\" src=\"https:\/\/www.stalprofil.se\/wp-content\/uploads\/2019\/09\/ref-park49-oversikt-600x400.jpg\" alt=\"Park 49 &lt;br&gt;Gothenburg\" \/><\/div><div class=\"portfolio-overlay overlay-icon\"><\/div><i class=\"icon-minti-plus\"><\/i><\/a><\/div>\n\t\t\t\t\t\t\t\t\t<h4><a href=\"https:\/\/www.stalprofil.se\/en\/profilsystem\/park-49-gothenburg\/\" title=\"Park 49 <br>Gothenburg\">Park 49 <br>Gothenburg<\/a><\/h4>\n\t\t\t\t\t\t\t\t\t<span class=\"portfolio-subtitle\">Downtown Gothenburg is home to the new office property Park49, which is owned by Balder AB.<\/span>\n\t\t\t\t\t\t\t\t<\/div>\n\n\t\t\t\t\t\t\t\t\t\t\t\t  \n\t\t\t\t\t\t\n\t\t\t\t\t\t\t\n\t\t\t\t\t\t\t\n\t\t\t\t\t\t\n\t\t\t\t\t\t\t\t\t\t\t\t\t\t\t\t\n\t\t\t\t\t\t\t\t   \n\n\t\t\t\t\t\t\t\t<div class=\"term-office portfolio-item one-third column\">\n\t\t\t\t\t\t\t\t\t<div class=\"portfolio-image\"><a href=\"https:\/\/www.stalprofil.se\/en\/profilsystem\/nod-kista\/\" title=\"NOD &lt;br&gt;Kista\"><div class=\"portfolio-image-img\"><img decoding=\"async\" src=\"https:\/\/www.stalprofil.se\/wp-content\/uploads\/2019\/09\/ref-nod-oversikt-600x400.jpg\" alt=\"NOD &lt;br&gt;Kista\" \/><\/div><div class=\"portfolio-overlay overlay-icon\"><\/div><i class=\"icon-minti-plus\"><\/i><\/a><\/div>\n\t\t\t\t\t\t\t\t\t<h4><a href=\"https:\/\/www.stalprofil.se\/en\/profilsystem\/nod-kista\/\" title=\"NOD <br>Kista\">NOD <br>Kista<\/a><\/h4>\n\t\t\t\t\t\t\t\t\t<span class=\"portfolio-subtitle\">NOD is an open public arena for large and small companies. It is a space that invites, presents, listens and communicates, and that brings new ideas and businesses together.<\/span>\n\t\t\t\t\t\t\t\t<\/div>\n\n\t\t\t\t\t\t\t\t\t\t\t\t  \n\t\t\t\t\t\t\n\t\t\t\t\t\t\t\n\t\t\t\t\t\t\t\n\t\t\t\t\t\t\n\t\t\t\t\t\t\t\t\t\t\t\t\t\t\t\t\n\t\t\t\t\t\t\t\t   \n\n\t\t\t\t\t\t\t\t<div class=\"term-office term-sp300-referens-en portfolio-item one-third column\">\n\t\t\t\t\t\t\t\t\t<div class=\"portfolio-image\"><a href=\"https:\/\/www.stalprofil.se\/en\/profilsystem\/ideon-edison-park-lund\/\" title=\"Ideon &lt;br&gt;Edison Park, Lund\"><div class=\"portfolio-image-img\"><img decoding=\"async\" src=\"https:\/\/www.stalprofil.se\/wp-content\/uploads\/2019\/09\/ref-ideon-oversikt-600x400.jpg\" alt=\"Ideon &lt;br&gt;Edison Park, Lund\" \/><\/div><div class=\"portfolio-overlay overlay-icon\"><\/div><i class=\"icon-minti-plus\"><\/i><\/a><\/div>\n\t\t\t\t\t\t\t\t\t<h4><a href=\"https:\/\/www.stalprofil.se\/en\/profilsystem\/ideon-edison-park-lund\/\" title=\"Ideon <br>Edison Park, Lund\">Ideon <br>Edison Park, Lund<\/a><\/h4>\n\t\t\t\t\t\t\t\t\t<span class=\"portfolio-subtitle\">Edison Park, near Ideon in northern Lund, is attractive for growing companies in medicine, chemistry, electronics and IT.<\/span>\n\t\t\t\t\t\t\t\t<\/div>\n\n\t\t\t\t\t\t\t\t\t\t\t\t  \n\t\t\t\t\t\t\n\t\t\t\t\t\t\t\n\t\t\t\t\t\t\t\n\t\t\t\t\t\t\n\t\t\t\t\t\t\t\t\t\t\t\t\t\t\t\t\n\t\t\t\t\t\t\t\t   \n\n\t\t\t\t\t\t\t\t<div class=\"term-marine term-sp300-referens-en portfolio-item one-third column\">\n\t\t\t\t\t\t\t\t\t<div class=\"portfolio-image\"><a href=\"https:\/\/www.stalprofil.se\/en\/profilsystem\/eldfisk-ii-north-sea\/\" title=\"Eldfisk II &lt;br&gt;North Sea\"><div class=\"portfolio-image-img\"><img decoding=\"async\" src=\"https:\/\/www.stalprofil.se\/wp-content\/uploads\/2019\/09\/ref-eldfisk-oversikt-600x400.jpg\" alt=\"Eldfisk II &lt;br&gt;North Sea\" \/><\/div><div class=\"portfolio-overlay overlay-icon\"><\/div><i class=\"icon-minti-plus\"><\/i><\/a><\/div>\n\t\t\t\t\t\t\t\t\t<h4><a href=\"https:\/\/www.stalprofil.se\/en\/profilsystem\/eldfisk-ii-north-sea\/\" title=\"Eldfisk II <br>North Sea\">Eldfisk II <br>North Sea<\/a><\/h4>\n\t\t\t\t\t\t\t\t\t<span class=\"portfolio-subtitle\">Eldfisk is an oil field that also contains some gas. The field was discovered in 1970.<\/span>\n\t\t\t\t\t\t\t\t<\/div>\n\n\t\t\t\t\t\t\t\t\t\t\t\t  \n\t\t\t\t\t\t\n\t\t\t\t\t\t\t\n\t\t\t\t\t\t\t\n\t\t\t\t\t\t\n\t\t\t\t\t\t\t\t\t\t\t\t\t\t\t\t\n\t\t\t\t\t\t\t\t   \n\n\t\t\t\t\t\t\t\t<div class=\"term-business-center portfolio-item one-third column\">\n\t\t\t\t\t\t\t\t\t<div class=\"portfolio-image\"><a href=\"https:\/\/www.stalprofil.se\/en\/profilsystem\/biltema-uddevalla-etc\/\" title=\"Biltema &lt;br&gt;Uddevalla etc.\"><div class=\"portfolio-image-img\"><img decoding=\"async\" src=\"https:\/\/www.stalprofil.se\/wp-content\/uploads\/2019\/09\/DESIGN-REFERENS-Biltema-002-600x400.jpg\" alt=\"Biltema &lt;br&gt;Uddevalla etc.\" \/><\/div><div class=\"portfolio-overlay overlay-icon\"><\/div><i class=\"icon-minti-plus\"><\/i><\/a><\/div>\n\t\t\t\t\t\t\t\t\t<h4><a href=\"https:\/\/www.stalprofil.se\/en\/profilsystem\/biltema-uddevalla-etc\/\" title=\"Biltema <br>Uddevalla etc.\">Biltema <br>Uddevalla etc.<\/a><\/h4>\n\t\t\t\t\t\t\t\t\t<span class=\"portfolio-subtitle\">Since first opening in Link\u00f6ping in 1983, Biltema warehouses have quickly multiplied.<\/span>\n\t\t\t\t\t\t\t\t<\/div>\n\n\t\t\t\t\t\t\t\t\t\t\t\t  \n\t\t\t\t\t\t\n\t\t\t\t\t\t\t\n\t\t\t\t\t\t\t\n\t\t\t\t\t\t\n\t\t\t\t\t\t\t\t\t\t\t\t\t\t\t\t\n\t\t\t\t\t\t\t\t   \n\n\t\t\t\t\t\t\t\t<div class=\"term-infrastructure portfolio-item one-third column\">\n\t\t\t\t\t\t\t\t\t<div class=\"portfolio-image\"><a href=\"https:\/\/www.stalprofil.se\/en\/profilsystem\/travel-center-frolunda\/\" title=\"Travel Center &lt;br&gt;Fr\u00f6lunda\"><div class=\"portfolio-image-img\"><img decoding=\"async\" src=\"https:\/\/www.stalprofil.se\/wp-content\/uploads\/2019\/09\/ref-resecentrum-oversikt-600x400.jpg\" alt=\"Travel Center &lt;br&gt;Fr\u00f6lunda\" \/><\/div><div class=\"portfolio-overlay overlay-icon\"><\/div><i class=\"icon-minti-plus\"><\/i><\/a><\/div>\n\t\t\t\t\t\t\t\t\t<h4><a href=\"https:\/\/www.stalprofil.se\/en\/profilsystem\/travel-center-frolunda\/\" title=\"Travel Center <br>Fr\u00f6lunda\">Travel Center <br>Fr\u00f6lunda<\/a><\/h4>\n\t\t\t\t\t\t\t\t\t<span class=\"portfolio-subtitle\">When the architects at Sj\u00f6gren Arkitekter designed Fr\u00f6lunda\u2019s travel center, they wanted to create a building that offered a contrast to the large-scale character of the surrounding area.<\/span>\n\t\t\t\t\t\t\t\t<\/div>\n\n\t\t\t\t\t\t\t\t\t\t\t\t  \n\t\t\t\t\t\t\n\t\t\t\t\t\t\t\n\t\t\t\t\t\t\t\n\t\t\t\t\t\t\n\t\t\t\t\t\t\t\t\t\t\t\t\t\t\t\t\n\t\t\t\t\t\t\t\t   \n\n\t\t\t\t\t\t\t\t<div class=\"term-sp500-referens-en term-sports-arenas portfolio-item one-third column\">\n\t\t\t\t\t\t\t\t\t<div class=\"portfolio-image\"><a href=\"https:\/\/www.stalprofil.se\/en\/profilsystem\/gamla-ullevi-gothenburg\/\" title=\"Gamla Ullevi &lt;br&gt;Gothenburg\"><div class=\"portfolio-image-img\"><img decoding=\"async\" src=\"https:\/\/www.stalprofil.se\/wp-content\/uploads\/2019\/09\/ref-ullevi-oversikt-600x400.jpg\" alt=\"Gamla Ullevi &lt;br&gt;Gothenburg\" \/><\/div><div class=\"portfolio-overlay overlay-icon\"><\/div><i class=\"icon-minti-plus\"><\/i><\/a><\/div>\n\t\t\t\t\t\t\t\t\t<h4><a href=\"https:\/\/www.stalprofil.se\/en\/profilsystem\/gamla-ullevi-gothenburg\/\" title=\"Gamla Ullevi <br>Gothenburg\">Gamla Ullevi <br>Gothenburg<\/a><\/h4>\n\t\t\t\t\t\t\t\t\t<span class=\"portfolio-subtitle\">Gamla Ullevi is the home arena for three Gothenburg teams: GAIS, IFK G\u00f6teborg and \u00d6IS.<\/span>\n\t\t\t\t\t\t\t\t<\/div>\n\n\t\t\t\t\t\t\t\t\t\t\t\t  \n\t\t\t\t\t\t\n\t\t\t\t\t\t\t\n\t\t\t\t\t\t\t\n\t\t\t\t\t\t\n\t\t\t\t\t\t\t\t\t\t\t\t\t\t\t\t\n\t\t\t\t\t\t\t\t   \n\n\t\t\t\t\t\t\t\t<div class=\"term-business-center term-garage term-hotel term-office term-sp7000-referens portfolio-item one-third column\">\n\t\t\t\t\t\t\t\t\t<div class=\"portfolio-image\"><a href=\"https:\/\/www.stalprofil.se\/en\/profilsystem\/perukmakaren-block-gothenburg\/\" title=\"Perukmakaren block &lt;br&gt;Gothenburg\"><div class=\"portfolio-image-img\"><img decoding=\"async\" src=\"https:\/\/www.stalprofil.se\/wp-content\/uploads\/2019\/09\/ref-peruk-oversikt-600x400.jpg\" alt=\"Perukmakaren block &lt;br&gt;Gothenburg\" \/><\/div><div class=\"portfolio-overlay overlay-icon\"><\/div><i class=\"icon-minti-plus\"><\/i><\/a><\/div>\n\t\t\t\t\t\t\t\t\t<h4><a href=\"https:\/\/www.stalprofil.se\/en\/profilsystem\/perukmakaren-block-gothenburg\/\" title=\"Perukmakaren block <br>Gothenburg\">Perukmakaren block <br>Gothenburg<\/a><\/h4>\n\t\t\t\t\t\t\t\t\t<span class=\"portfolio-subtitle\">The Perukmakaren block was built in the late 1960s as a business and office building with a large integrated parking garage in downtown Gothenburg.<\/span>\n\t\t\t\t\t\t\t\t<\/div>\n\n\t\t\t\t\t\t\t\t\t\t\t\t  \n\t\t\t\t\t\t\n\t\t\t\t\t\t\t\n\t\t\t\t\t\t\t\n\t\t\t\t\t\t\n\t\t\t\t\t\t\t\t\t\t\t\t\t\t\t\t\n\t\t\t\t\t\t\t\t   \n\n\t\t\t\t\t\t\t\t<div class=\"term-hospital portfolio-item one-third column\">\n\t\t\t\t\t\t\t\t\t<div class=\"portfolio-image\"><a href=\"https:\/\/www.stalprofil.se\/en\/profilsystem\/north-estonia-medical-centre-tallinn\/\" title=\"North Estonia Medical Centre &lt;br&gt;Tallinn\"><div class=\"portfolio-image-img\"><img decoding=\"async\" src=\"https:\/\/www.stalprofil.se\/wp-content\/uploads\/2019\/09\/ref-medic-oversikt-600x400.jpg\" alt=\"North Estonia Medical Centre &lt;br&gt;Tallinn\" \/><\/div><div class=\"portfolio-overlay overlay-icon\"><\/div><i class=\"icon-minti-plus\"><\/i><\/a><\/div>\n\t\t\t\t\t\t\t\t\t<h4><a href=\"https:\/\/www.stalprofil.se\/en\/profilsystem\/north-estonia-medical-centre-tallinn\/\" title=\"North Estonia Medical Centre <br>Tallinn\">North Estonia Medical Centre <br>Tallinn<\/a><\/h4>\n\t\t\t\t\t\t\t\t\t<span class=\"portfolio-subtitle\">North Estonia Medical Centre is one of Estonia\u2019s largest hospitals. Today, a total of about 4,000 doctors, nurses, care staff and specialists work at this ultramodern facility.<\/span>\n\t\t\t\t\t\t\t\t<\/div>\n\n\t\t\t\t\t\t\t\t\t\t\t\t  \n\t\t\t\t\t\t\n\t\t\t\t\t\t\t\n\t\t\t\t\t\t\t\n\t\t\t\t\t\t\n\t\t\t\t\t\t\t\t\t\t\t\t\t\t\t\t\n\t\t\t\t\t\t\t\t   \n\n\t\t\t\t\t\t\t\t<div class=\"term-hospital portfolio-item one-third column\">\n\t\t\t\t\t\t\t\t\t<div class=\"portfolio-image\"><a href=\"https:\/\/www.stalprofil.se\/en\/profilsystem\/clinic-center-university-sarajevo\/\" title=\"Clinic Center University &lt;br&gt;Sarajevo\"><div class=\"portfolio-image-img\"><img decoding=\"async\" src=\"https:\/\/www.stalprofil.se\/wp-content\/uploads\/2019\/09\/ref-clinic-oversikt-600x400.jpg\" alt=\"Clinic Center University &lt;br&gt;Sarajevo\" \/><\/div><div class=\"portfolio-overlay overlay-icon\"><\/div><i class=\"icon-minti-plus\"><\/i><\/a><\/div>\n\t\t\t\t\t\t\t\t\t<h4><a href=\"https:\/\/www.stalprofil.se\/en\/profilsystem\/clinic-center-university-sarajevo\/\" title=\"Clinic Center University <br>Sarajevo\">Clinic Center University <br>Sarajevo<\/a><\/h4>\n\t\t\t\t\t\t\t\t\t<span class=\"portfolio-subtitle\">The Clinical Center University of Sarajevo is one of the leading medical institutes of Bosnia-Herzegovina.<\/span>\n\t\t\t\t\t\t\t\t<\/div>\n\n\t\t\t\t\t\t\t\t\t\t\t\t  \n\t\t\t\t\t\t\n\t\t\t\t\t\t\t\n\t\t\t\t\t\t\t\n\t\t\t\t\t\t\n\t\t\t\t\t\t\t\t\t\t\t\t\t\t\t\t\n\t\t\t\t\t\t\t\t   \n\n\t\t\t\t\t\t\t\t<div class=\"term-hospital term-sp7000-referens portfolio-item one-third column\">\n\t\t\t\t\t\t\t\t\t<div class=\"portfolio-image\"><a href=\"https:\/\/www.stalprofil.se\/en\/profilsystem\/champalimaud-foundation-lisbon\/\" title=\"Champalimaud Foundation &lt;br&gt;Lisbon\"><div class=\"portfolio-image-img\"><img decoding=\"async\" src=\"https:\/\/www.stalprofil.se\/wp-content\/uploads\/2019\/09\/ref-champ-oversikt-600x400.jpg\" alt=\"Champalimaud Foundation &lt;br&gt;Lisbon\" \/><\/div><div class=\"portfolio-overlay overlay-icon\"><\/div><i class=\"icon-minti-plus\"><\/i><\/a><\/div>\n\t\t\t\t\t\t\t\t\t<h4><a href=\"https:\/\/www.stalprofil.se\/en\/profilsystem\/champalimaud-foundation-lisbon\/\" title=\"Champalimaud Foundation <br>Lisbon\">Champalimaud Foundation <br>Lisbon<\/a><\/h4>\n\t\t\t\t\t\t\t\t\t<span class=\"portfolio-subtitle\">The Champalimaud Foundation focuses on pioneering research and works to find new discoveries and build knowledge to improve health and well-being in people worldwide.<\/span>\n\t\t\t\t\t\t\t\t<\/div>\n\n\t\t\t\t\t\t\t\t\t\t\t\t  \n\t\t\t\t\t\t\n\t\t\t\t\t\t\t\n\t\t\t\t\t\t\t\n\t\t\t\t\t\t\n\t\t\t\t\t\t\t\t\t\t\t\t\t\t\t\t\n\t\t\t\t\t\t\t\t   \n\n\t\t\t\t\t\t\t\t<div class=\"term-hospital term-sp500-referens-en portfolio-item one-third column\">\n\t\t\t\t\t\t\t\t\t<div class=\"portfolio-image\"><a href=\"https:\/\/www.stalprofil.se\/en\/profilsystem\/landsdomaren-lund\/\" title=\"Landsdomaren &lt;br&gt;Lund\"><div class=\"portfolio-image-img\"><img decoding=\"async\" src=\"https:\/\/www.stalprofil.se\/wp-content\/uploads\/2019\/09\/ref-domaren-oversikt-600x400.jpg\" alt=\"Landsdomaren &lt;br&gt;Lund\" \/><\/div><div class=\"portfolio-overlay overlay-icon\"><\/div><i class=\"icon-minti-plus\"><\/i><\/a><\/div>\n\t\t\t\t\t\t\t\t\t<h4><a href=\"https:\/\/www.stalprofil.se\/en\/profilsystem\/landsdomaren-lund\/\" title=\"Landsdomaren <br>Lund\">Landsdomaren <br>Lund<\/a><\/h4>\n\t\t\t\t\t\t\t\t\t<span class=\"portfolio-subtitle\">The Landsdomaren block in Lund is home to the new psychiatric clinic which, after renovations and additions, fulfills today\u2019s care requirements with a new floorplan, modern technology and an improved building envelope.<\/span>\n\t\t\t\t\t\t\t\t<\/div>\n\n\t\t\t\t\t\t\t\t\t\t\t\t  \n\t\t\t\t\t\t\t\t\t\t\t<\/div>\n\n\t\t\t\t\t<\/div>\n\t\t\n\t\t<\/div>\n\t\t\t\n\t\t\t\t\n\t\t[\/vc_column][\/vc_row]<\/p>\n<\/div>","protected":false},"excerpt":{"rendered":"<p>[vc_row top_padding=&#8221;40&#8243;][vc_column width=&#8221;1\/1&#8243;][vc_column_text] Actual reference objects Our steel profiles can be found worldwide. Feel free to take a closer look at our selected reference objects.[\/vc_column_text][\/vc_column][\/vc_row][vc_row][vc_column width=&#8221;1\/1&#8243;][\/vc_column][\/vc_row]<\/p>\n","protected":false},"author":1,"featured_media":0,"parent":0,"menu_order":0,"comment_status":"closed","ping_status":"closed","template":"","meta":{"footnotes":""},"class_list":["post-1025","page","type-page","status-publish","hentry"],"_links":{"self":[{"href":"https:\/\/www.stalprofil.se\/en\/wp-json\/wp\/v2\/pages\/1025","targetHints":{"allow":["GET"]}}],"collection":[{"href":"https:\/\/www.stalprofil.se\/en\/wp-json\/wp\/v2\/pages"}],"about":[{"href":"https:\/\/www.stalprofil.se\/en\/wp-json\/wp\/v2\/types\/page"}],"author":[{"embeddable":true,"href":"https:\/\/www.stalprofil.se\/en\/wp-json\/wp\/v2\/users\/1"}],"replies":[{"embeddable":true,"href":"https:\/\/www.stalprofil.se\/en\/wp-json\/wp\/v2\/comments?post=1025"}],"version-history":[{"count":4,"href":"https:\/\/www.stalprofil.se\/en\/wp-json\/wp\/v2\/pages\/1025\/revisions"}],"predecessor-version":[{"id":5246,"href":"https:\/\/www.stalprofil.se\/en\/wp-json\/wp\/v2\/pages\/1025\/revisions\/5246"}],"wp:attachment":[{"href":"https:\/\/www.stalprofil.se\/en\/wp-json\/wp\/v2\/media?parent=1025"}],"curies":[{"name":"wp","href":"https:\/\/api.w.org\/{rel}","templated":true}]}}